{"id":5317,"date":"2015-07-02T17:24:39","date_gmt":"2015-07-02T17:24:39","guid":{"rendered":"https:\/\/www.moderco.com\/wall-of-fame\/"},"modified":"2026-02-19T17:17:35","modified_gmt":"2026-02-19T17:17:35","slug":"wall-of-fame","status":"publish","type":"page","link":"https:\/\/www.moderco.com\/es\/wall-of-fame\/","title":{"rendered":"Wall of fame"},"content":{"rendered":"\n\n\t<h1>Sal\u00f3n de la Fama<\/h1>\n\t\t\t\t<img decoding=\"async\" src=\"https:\/\/www.moderco.com\/wp-content\/uploads\/2018\/08\/Michel.jpg\" alt=\"Michel\" itemprop=\"image\" height=\"320\" width=\"320\" title=\"Michel\" onerror=\"this.style.display='none'\" loading=\"lazy\" \/>\n\t<h3>Michel Julien<\/h3>\n<p><em><strong>Fundador y Expresidente<\/strong><\/em><\/p>\n<p>Michel Julien adquiri\u00f3 Moderco en 1985 y, en poco tiempo, la transform\u00f3 de un fabricante del este de Canad\u00e1 en una empresa con presencia en todo el pa\u00eds y, posteriormente, en la compa\u00f1\u00eda verdaderamente internacional que es hoy. Se retir\u00f3 como Presidente de Moderco en 2014, pero contin\u00faa activo como consultor y asesor, especialmente en lo relacionado con los esfuerzos de ventas internacionales. Su impacto en el \u00e9xito actual de Moderco sigue siendo evidente en muchos aspectos, ya que desde el principio cont\u00f3 con un plan y una visi\u00f3n claros que, gracias a su liderazgo y orientaci\u00f3n constante, permitieron que la empresa se convirtiera en una organizaci\u00f3n altamente respetada en la industria de las particiones m\u00f3viles. Reconocido por su cercan\u00eda con las personas, su optimismo y su disposici\u00f3n permanente para ayudar, Michel sigue siendo una referencia para Moderco, que valora profundamente su legado y le desea lo mejor en esta nueva etapa de su vida.<\/p>\n\t\t\t\t<img decoding=\"async\" src=\"https:\/\/www.moderco.com\/wp-content\/uploads\/2018\/08\/dave.jpg\" alt=\"dave\" itemprop=\"image\" height=\"320\" width=\"320\" title=\"dave\" onerror=\"this.style.display='none'\" loading=\"lazy\" \/>\n\t<h3>Dave Parsons<\/h3>\n<p><em><strong>Gerente Regional de Ventas\u00a0<\/strong><\/em><\/p>\n<p>Dave Parsons ha dedicado m\u00e1s de 40 a\u00f1os a la industria de los muros m\u00f3viles, y Moderco tuvo el privilegio de contar con su colaboraci\u00f3n durante 14 de esos a\u00f1os. Incorporado oficialmente en 1996 como Gerente Regional de Ventas, es una de las principales razones de la excelente reputaci\u00f3n que Moderco disfruta en los Estados Unidos. Gracias a su liderazgo y experiencia, la empresa consolid\u00f3 una posici\u00f3n altamente reconocida dentro de la industria y respetada por sus colegas. Para todos en Moderco, Dave siempre ser\u00e1 una fuente de inspiraci\u00f3n y un referente en estrategia de ventas, an\u00e1lisis de tendencias del mercado y profundo conocimiento del sector. Reconocido como el \u00abmentor de mentores\u00bb, Moderco lo honra con orgullo al incorporarlo a su Sal\u00f3n de la Fama como uno de los grandes pioneros de nuestra industria.<\/p>\n\t\t\t\t<img decoding=\"async\" src=\"https:\/\/www.moderco.com\/wp-content\/uploads\/2019\/01\/IMG_0472.jpg\" alt=\"IMG_0472\" itemprop=\"image\" height=\"609\" width=\"640\" title=\"IMG_0472\" onerror=\"this.style.display='none'\" loading=\"lazy\" \/>\n\t<h3>Bill Fuhr<\/h3>\n<p><em><strong>Presidente de la Divisi\u00f3n de Particiones M\u00f3viles\u00a0<\/strong><\/em><\/p>\n<p>Verdadero \u00abGigante de Texas\u00bb en la industria de las particiones y muros m\u00f3viles, Bill Fuhr, distribuidor y socio de Moderco en Dallas\/Fort Worth, ha decidido dejar atr\u00e1s los desaf\u00edos diarios del negocio para comenzar su proceso de retiro. No obstante, Bill ha se\u00f1alado que permanecer\u00e1 apoyando al nuevo distribuidor y socio de Moderco, Chatham Worth, el tiempo que sea necesario para asegurar una transici\u00f3n fluida y la capacitaci\u00f3n de su equipo. Su trayectoria en ventas arquitect\u00f3nicas es extensa y destacada. Tras graduarse de la Universidad del Norte de Texas, inici\u00f3 su carrera en la venta de sistemas de pisos para gimnasios escolares y pistas de atletismo, trabajando para una empresa que tambi\u00e9n era distribuidora de Modernfold. Gracias a sus logros en ventas, pronto asumi\u00f3 el reto de desarrollar la divisi\u00f3n de particiones m\u00f3viles, demostrando un talento natural para el producto. Posteriormente fue promovido a Presidente de la Divisi\u00f3n de Particiones M\u00f3viles, llev\u00e1ndola a convertirse en la m\u00e1s exitosa de su sector en todo el norte de Texas. En el a\u00f1o 2000 fund\u00f3 Fuhr Inc., promoviendo productos de AEC y Holcomb &amp; Hoke (Foldoor), y en 2005 inici\u00f3 una s\u00f3lida y duradera alianza con Moderco. Como \u00e9l mismo expres\u00f3, \u00abha sido un verdadero placer trabajar con Moderco y promover e instalar productos de la m\u00e1s alta calidad\u00bb. Hoy, Bill disfruta de su retiro viajando, pasando tiempo en su casa del lago, coleccionando guitarras y colaborando como consultor cuando as\u00ed lo desea. Moderco le agradece profundamente su amistad y lealtad, y se enorgullece de incorporarlo a su Sal\u00f3n de la Fama.<\/p>\n\t\t\t\t<img decoding=\"async\" src=\"https:\/\/www.moderco.com\/wp-content\/uploads\/2018\/08\/rob.jpg\" alt=\"rob\" itemprop=\"image\" height=\"320\" width=\"320\" title=\"rob\" onerror=\"this.style.display='none'\" loading=\"lazy\" \/>\n\t<h3>Rob Pelletier<\/h3>\n<p><em><strong>Fundador y Presidente &#8211; RPC Houston\u00a0<\/strong><\/em><\/p>\n<p>Tr\u00e1gicamente, en enero de 2008, Rob Pelletier, fundador, presidente y propietario principal de RPC Houston, Texas, falleci\u00f3 a la temprana edad de 42 a\u00f1os. Rob fue un esposo, padre, empleador, ciudadano corporativo responsable, amigo y valioso socio distribuidor de Moderco en el sur de Texas. Inici\u00f3 su carrera en la construcci\u00f3n como instalador de claraboyas, y poco despu\u00e9s fund\u00f3 su propia empresa de ventas e instalaci\u00f3n (RPC), ampliando su portafolio de productos para incluir particiones m\u00f3viles. En 2004, RPC y Moderco establecieron una alianza exclusiva distribuidor-fabricante que abarcaba el sur y el oeste de Texas, la cual, gracias a la visi\u00f3n y previsi\u00f3n de Rob, contin\u00faa vigente y siendo altamente exitosa hasta el d\u00eda de hoy. Rob fue un verdadero texano, siempre dispuesto a \u00abhacer su parte\u00bb, trabajando directamente en el terreno mientras gestionaba y hac\u00eda crecer la empresa. Hombre de familia ante todo, nada era m\u00e1s importante que Robin, Matthew, Christopher y Grace. Cumpli\u00f3 uno de sus grandes sue\u00f1os al adquirir un rancho en el este de Texas, donde disfrutaba criar ganado, cazar, pescar, montar a caballo y reunir a familiares y colegas en celebraciones al estilo texano. El esp\u00edritu de Rob contin\u00faa guiando a RPC. Fue un esposo y padre profundamente querido, un empleador respetado y un amigo apreciado por muchos, incluyendo todos en Moderco. Se le recuerda y se le extra\u00f1a cada d\u00eda. Moderco se honra en incorporarlo como el primer socio distribuidor en su Sal\u00f3n de la Fama.<\/p>\n\t\t\t\t<img decoding=\"async\" src=\"https:\/\/www.moderco.com\/wp-content\/uploads\/2026\/02\/Dan-Carter2.jpg.webp\" alt=\"Dan-Carter2.jpg\" itemprop=\"image\" height=\"320\" width=\"320\" title=\"Dan-Carter2.jpg\" onerror=\"this.style.display='none'\" loading=\"lazy\" \/>\n\t<h3>Rob Pelletier<\/h3>\n<p><em><strong>Fundador y Presidente &#8211; RPC Houston\u00a0<\/strong><\/em><\/p>\n<p>Tr\u00e1gicamente, en enero de 2008, Rob Pelletier, fundador, presidente y propietario principal de RPC Houston, Texas, falleci\u00f3 a la temprana edad de 42 a\u00f1os. Rob fue un esposo, padre, empleador, ciudadano corporativo responsable, amigo y valioso socio distribuidor de Moderco en el sur de Texas. Inici\u00f3 su carrera en la construcci\u00f3n como instalador de claraboyas, y poco despu\u00e9s fund\u00f3 su propia empresa de ventas e instalaci\u00f3n (RPC), ampliando su portafolio de productos para incluir particiones m\u00f3viles. En 2004, RPC y Moderco establecieron una alianza exclusiva distribuidor-fabricante que abarcaba el sur y el oeste de Texas, la cual, gracias a la visi\u00f3n y previsi\u00f3n de Rob, contin\u00faa vigente y siendo altamente exitosa hasta el d\u00eda de hoy. Rob fue un verdadero texano, siempre dispuesto a \u00abhacer su parte\u00bb, trabajando directamente en el terreno mientras gestionaba y hac\u00eda crecer la empresa. Hombre de familia ante todo, nada era m\u00e1s importante que Robin, Matthew, Christopher y Grace. Cumpli\u00f3 uno de sus grandes sue\u00f1os al adquirir un rancho en el este de Texas, donde disfrutaba criar ganado, cazar, pescar, montar a caballo y reunir a familiares y colegas en celebraciones al estilo texano. El esp\u00edritu de Rob contin\u00faa guiando a RPC. Fue un esposo y padre profundamente querido, un empleador respetado y un amigo apreciado por muchos, incluyendo todos en Moderco. Se le recuerda y se le extra\u00f1a cada d\u00eda. Moderco se honra en incorporarlo como el primer socio distribuidor en su Sal\u00f3n de la Fama.<\/p>\n\t\t\t\t<img decoding=\"async\" src=\"https:\/\/www.moderco.com\/wp-content\/uploads\/2026\/02\/barry2.jpeg.webp\" alt=\"barry2.jpeg\" itemprop=\"image\" height=\"320\" width=\"320\" title=\"barry2.jpeg\" onerror=\"this.style.display='none'\" loading=\"lazy\" \/>\n\t<h3>Barry Napier<\/h3>\n<p><em><strong>Director de Ventas &#8211; Estados Unidos\u00a0<\/strong><\/em><\/p>\n<p>Barry dedic\u00f3 toda su carrera a la industria de los muros y particiones m\u00f3viles. Inici\u00f3 su trayectoria siendo a\u00fan adolescente en Indiana, trabajando a tiempo parcial para Holcomb &amp; Hoke (Foldoor). Tras graduarse de la universidad, se incorpor\u00f3 a Foldoor a tiempo completo, profundizando en todos los aspectos del negocio y superando con \u00e9xito cada reto que se le present\u00f3. Con el deseo de adquirir mayor experiencia en el \u00e1mbito de la distribuci\u00f3n, trabaj\u00f3 brevemente para un distribuidor del centro de Indiana. En 1992 se incorpor\u00f3 a Kwik Wall como Director de Ventas &#8211; Estados Unidos, cargo que desempe\u00f1\u00f3 hasta 2005. En busca de nuevas oportunidades dentro de una organizaci\u00f3n de mayor envergadura, se uni\u00f3 a Hufcor en 2005 como Gerente Regional de Ventas, ascendiendo r\u00e1pidamente a Director Nacional de Desarrollo de Negocios y posteriormente a Vicepresidente de Ventas de Distribuidores para Am\u00e9rica del Norte. Tras el cierre de Hufcor en 2021, Moderco tuvo el honor y el privilegio de incorporarlo como Director de Ventas &#8211; Estados Unidos, cargo que ocup\u00f3 hasta su lamentable fallecimiento en 2024.<\/p>\n\n","protected":false},"excerpt":{"rendered":"<p>Sal\u00f3n de la Fama Michel Julien Fundador y Expresidente Michel Julien adquiri\u00f3 Moderco en 1985 y, en poco tiempo, la transform\u00f3 de un fabricante del este de Canad\u00e1 en una empresa con presencia en todo el pa\u00eds y, posteriormente, en la compa\u00f1\u00eda verdaderamente internacional que es hoy. Se retir\u00f3 como Presidente de Moderco en 2014,&#8230;<\/p>\n","protected":false},"author":1,"featured_media":0,"parent":0,"menu_order":52,"comment_status":"open","ping_status":"closed","template":"","meta":{"_acf_changed":false,"_bbp_topic_count":0,"_bbp_reply_count":0,"_bbp_total_topic_count":0,"_bbp_total_reply_count":0,"_bbp_voice_count":0,"_bbp_anonymous_reply_count":0,"_bbp_topic_count_hidden":0,"_bbp_reply_count_hidden":0,"_bbp_forum_subforum_count":0,"footnotes":""},"class_list":["post-5317","page","type-page","status-publish","hentry"],"acf":[],"yoast_head":"<!-- This site is optimized with the Yoast SEO plugin v26.2 - https:\/\/yoast.com\/wordpress\/plugins\/seo\/ -->\n<title>Wall of Fame - Michel Julien and Dave Parsons<\/title>\n<meta name=\"description\" content=\"Michel Julien acquired Moderco in 1985 and expanded it from a regional to an international company. Dave Parsons has devoted over 40 years to this industry.\" \/>\n<meta name=\"robots\" content=\"index, follow, max-snippet:-1, max-image-preview:large, max-video-preview:-1\" \/>\n<link rel=\"canonical\" href=\"https:\/\/www.moderco.com\/es\/wall-of-fame\/\" \/>\n<meta property=\"og:locale\" content=\"es_ES\" \/>\n<meta property=\"og:type\" content=\"article\" \/>\n<meta property=\"og:title\" content=\"Wall of Fame - Michel Julien and Dave Parsons\" \/>\n<meta property=\"og:description\" content=\"Michel Julien acquired Moderco in 1985 and expanded it from a regional to an international company. Dave Parsons has devoted over 40 years to this industry.\" \/>\n<meta property=\"og:url\" content=\"https:\/\/www.moderco.com\/es\/wall-of-fame\/\" \/>\n<meta property=\"og:site_name\" content=\"Moderco\" \/>\n<meta property=\"article:modified_time\" content=\"2026-02-19T17:17:35+00:00\" \/>\n<meta property=\"og:image\" content=\"https:\/\/www.moderco.com\/wp-content\/uploads\/2018\/08\/Michel.jpg\" \/>\n<meta name=\"twitter:label1\" content=\"Tiempo de lectura\" \/>\n\t<meta name=\"twitter:data1\" content=\"2 minutos\" \/>\n<script type=\"application\/ld+json\" class=\"yoast-schema-graph\">{\"@context\":\"https:\/\/schema.org\",\"@graph\":[{\"@type\":\"WebPage\",\"@id\":\"https:\/\/www.moderco.com\/es\/wall-of-fame\/\",\"url\":\"https:\/\/www.moderco.com\/es\/wall-of-fame\/\",\"name\":\"Wall of Fame - Michel Julien and Dave Parsons\",\"isPartOf\":{\"@id\":\"https:\/\/www.moderco.com\/#website\"},\"primaryImageOfPage\":{\"@id\":\"https:\/\/www.moderco.com\/es\/wall-of-fame\/#primaryimage\"},\"image\":{\"@id\":\"https:\/\/www.moderco.com\/es\/wall-of-fame\/#primaryimage\"},\"thumbnailUrl\":\"https:\/\/www.moderco.com\/wp-content\/uploads\/2018\/08\/Michel.jpg\",\"datePublished\":\"2015-07-02T17:24:39+00:00\",\"dateModified\":\"2026-02-19T17:17:35+00:00\",\"description\":\"Michel Julien acquired Moderco in 1985 and expanded it from a regional to an international company. Dave Parsons has devoted over 40 years to this industry.\",\"breadcrumb\":{\"@id\":\"https:\/\/www.moderco.com\/es\/wall-of-fame\/#breadcrumb\"},\"inLanguage\":\"es\",\"potentialAction\":[{\"@type\":\"ReadAction\",\"target\":[\"https:\/\/www.moderco.com\/es\/wall-of-fame\/\"]}]},{\"@type\":\"ImageObject\",\"inLanguage\":\"es\",\"@id\":\"https:\/\/www.moderco.com\/es\/wall-of-fame\/#primaryimage\",\"url\":\"https:\/\/www.moderco.com\/wp-content\/uploads\/2018\/08\/Michel.jpg\",\"contentUrl\":\"https:\/\/www.moderco.com\/wp-content\/uploads\/2018\/08\/Michel.jpg\"},{\"@type\":\"BreadcrumbList\",\"@id\":\"https:\/\/www.moderco.com\/es\/wall-of-fame\/#breadcrumb\",\"itemListElement\":[{\"@type\":\"ListItem\",\"position\":1,\"name\":\"Home\",\"item\":\"https:\/\/www.moderco.com\/es\/\"},{\"@type\":\"ListItem\",\"position\":2,\"name\":\"Wall of fame\"}]},{\"@type\":\"WebSite\",\"@id\":\"https:\/\/www.moderco.com\/#website\",\"url\":\"https:\/\/www.moderco.com\/\",\"name\":\"Moderco\",\"description\":\"Moderco\",\"publisher\":{\"@id\":\"https:\/\/www.moderco.com\/#organization\"},\"potentialAction\":[{\"@type\":\"SearchAction\",\"target\":{\"@type\":\"EntryPoint\",\"urlTemplate\":\"https:\/\/www.moderco.com\/?s={search_term_string}\"},\"query-input\":{\"@type\":\"PropertyValueSpecification\",\"valueRequired\":true,\"valueName\":\"search_term_string\"}}],\"inLanguage\":\"es\"},{\"@type\":\"Organization\",\"@id\":\"https:\/\/www.moderco.com\/#organization\",\"name\":\"Moderco\",\"url\":\"https:\/\/www.moderco.com\/\",\"logo\":{\"@type\":\"ImageObject\",\"inLanguage\":\"es\",\"@id\":\"https:\/\/www.moderco.com\/#\/schema\/logo\/image\/\",\"url\":\"https:\/\/www.moderco.com\/wp-content\/uploads\/2026\/02\/moderco-site-logo.webp\",\"contentUrl\":\"https:\/\/www.moderco.com\/wp-content\/uploads\/2026\/02\/moderco-site-logo.webp\",\"width\":700,\"height\":700,\"caption\":\"Moderco\"},\"image\":{\"@id\":\"https:\/\/www.moderco.com\/#\/schema\/logo\/image\/\"}}]}<\/script>\n<!-- \/ Yoast SEO plugin. -->","yoast_head_json":{"title":"Wall of Fame - Michel Julien and Dave Parsons","description":"Michel Julien acquired Moderco in 1985 and expanded it from a regional to an international company. Dave Parsons has devoted over 40 years to this industry.","robots":{"index":"index","follow":"follow","max-snippet":"max-snippet:-1","max-image-preview":"max-image-preview:large","max-video-preview":"max-video-preview:-1"},"canonical":"https:\/\/www.moderco.com\/es\/wall-of-fame\/","og_locale":"es_ES","og_type":"article","og_title":"Wall of Fame - Michel Julien and Dave Parsons","og_description":"Michel Julien acquired Moderco in 1985 and expanded it from a regional to an international company. Dave Parsons has devoted over 40 years to this industry.","og_url":"https:\/\/www.moderco.com\/es\/wall-of-fame\/","og_site_name":"Moderco","article_modified_time":"2026-02-19T17:17:35+00:00","og_image":[{"url":"https:\/\/www.moderco.com\/wp-content\/uploads\/2018\/08\/Michel.jpg","type":"","width":"","height":""}],"twitter_misc":{"Tiempo de lectura":"2 minutos"},"schema":{"@context":"https:\/\/schema.org","@graph":[{"@type":"WebPage","@id":"https:\/\/www.moderco.com\/es\/wall-of-fame\/","url":"https:\/\/www.moderco.com\/es\/wall-of-fame\/","name":"Wall of Fame - Michel Julien and Dave Parsons","isPartOf":{"@id":"https:\/\/www.moderco.com\/#website"},"primaryImageOfPage":{"@id":"https:\/\/www.moderco.com\/es\/wall-of-fame\/#primaryimage"},"image":{"@id":"https:\/\/www.moderco.com\/es\/wall-of-fame\/#primaryimage"},"thumbnailUrl":"https:\/\/www.moderco.com\/wp-content\/uploads\/2018\/08\/Michel.jpg","datePublished":"2015-07-02T17:24:39+00:00","dateModified":"2026-02-19T17:17:35+00:00","description":"Michel Julien acquired Moderco in 1985 and expanded it from a regional to an international company. Dave Parsons has devoted over 40 years to this industry.","breadcrumb":{"@id":"https:\/\/www.moderco.com\/es\/wall-of-fame\/#breadcrumb"},"inLanguage":"es","potentialAction":[{"@type":"ReadAction","target":["https:\/\/www.moderco.com\/es\/wall-of-fame\/"]}]},{"@type":"ImageObject","inLanguage":"es","@id":"https:\/\/www.moderco.com\/es\/wall-of-fame\/#primaryimage","url":"https:\/\/www.moderco.com\/wp-content\/uploads\/2018\/08\/Michel.jpg","contentUrl":"https:\/\/www.moderco.com\/wp-content\/uploads\/2018\/08\/Michel.jpg"},{"@type":"BreadcrumbList","@id":"https:\/\/www.moderco.com\/es\/wall-of-fame\/#breadcrumb","itemListElement":[{"@type":"ListItem","position":1,"name":"Home","item":"https:\/\/www.moderco.com\/es\/"},{"@type":"ListItem","position":2,"name":"Wall of fame"}]},{"@type":"WebSite","@id":"https:\/\/www.moderco.com\/#website","url":"https:\/\/www.moderco.com\/","name":"Moderco","description":"Moderco","publisher":{"@id":"https:\/\/www.moderco.com\/#organization"},"potentialAction":[{"@type":"SearchAction","target":{"@type":"EntryPoint","urlTemplate":"https:\/\/www.moderco.com\/?s={search_term_string}"},"query-input":{"@type":"PropertyValueSpecification","valueRequired":true,"valueName":"search_term_string"}}],"inLanguage":"es"},{"@type":"Organization","@id":"https:\/\/www.moderco.com\/#organization","name":"Moderco","url":"https:\/\/www.moderco.com\/","logo":{"@type":"ImageObject","inLanguage":"es","@id":"https:\/\/www.moderco.com\/#\/schema\/logo\/image\/","url":"https:\/\/www.moderco.com\/wp-content\/uploads\/2026\/02\/moderco-site-logo.webp","contentUrl":"https:\/\/www.moderco.com\/wp-content\/uploads\/2026\/02\/moderco-site-logo.webp","width":700,"height":700,"caption":"Moderco"},"image":{"@id":"https:\/\/www.moderco.com\/#\/schema\/logo\/image\/"}}]}},"_links":{"self":[{"href":"https:\/\/www.moderco.com\/es\/wp-json\/wp\/v2\/pages\/5317","targetHints":{"allow":["GET"]}}],"collection":[{"href":"https:\/\/www.moderco.com\/es\/wp-json\/wp\/v2\/pages"}],"about":[{"href":"https:\/\/www.moderco.com\/es\/wp-json\/wp\/v2\/types\/page"}],"author":[{"embeddable":true,"href":"https:\/\/www.moderco.com\/es\/wp-json\/wp\/v2\/users\/1"}],"replies":[{"embeddable":true,"href":"https:\/\/www.moderco.com\/es\/wp-json\/wp\/v2\/comments?post=5317"}],"version-history":[{"count":2,"href":"https:\/\/www.moderco.com\/es\/wp-json\/wp\/v2\/pages\/5317\/revisions"}],"predecessor-version":[{"id":44880,"href":"https:\/\/www.moderco.com\/es\/wp-json\/wp\/v2\/pages\/5317\/revisions\/44880"}],"wp:attachment":[{"href":"https:\/\/www.moderco.com\/es\/wp-json\/wp\/v2\/media?parent=5317"}],"curies":[{"name":"wp","href":"https:\/\/api.w.org\/{rel}","templated":true}]}}