{"id":20183,"date":"2020-09-14T13:25:28","date_gmt":"2020-09-14T13:25:28","guid":{"rendered":"https:\/\/www.moderco.com\/jean-martin-roy\/"},"modified":"2021-11-10T20:26:08","modified_gmt":"2021-11-10T20:26:08","slug":"jean-martin-roy","status":"publish","type":"page","link":"https:\/\/www.moderco.com\/fr\/jean-martin-roy\/","title":{"rendered":"Jean-Martin Roy"},"content":{"rendered":"<p>\t\t\t\t<img loading=\"lazy\" decoding=\"async\" src=\"https:\/\/www.moderco.com\/wp-content\/uploads\/2020\/09\/Jean-Martin-Roy-24-08-2020.jpg\" alt=\"Jean-Martin-Roy-24-08-2020\" itemprop=\"image\" height=\"700\" width=\"700\"  \/><\/p>\n<h3>\n\t\tJean-Martin Roy \u2013 Vice-Pr\u00e9sident, <br \/>Ventes et marketing<br \/>\n\t<\/h3>\n<p>Sa passion pour le golf lui a appris \u00e0 surmonter les obstacles \u2013 et au golf, ils sont nombreux! \u2013 et \u00e0 ne jamais baisser les bras. Cette philosophie lui sert bien dans son r\u00f4le de vice-pr\u00e9sident, Ventes et marketing. En effet, sa mission consiste \u00e0 d\u00e9velopper et \u00e0 maximiser le potentiel commercial de l\u2019entreprise, tant dans la recherche de nouveaux clients que dans le maintien de bonnes relations d\u2019affaires avec nos distributeurs. Pour Jean-Martin, une exp\u00e9rience client positive et m\u00e9morable est la cl\u00e9 qui assure le succ\u00e8s et la p\u00e9rennit\u00e9 des entreprises, et il met tout en \u0153uvre pour que nos clients soient satisfaits \u00e0 la fois de nos produits et de notre service.\u00a0<\/p>\n","protected":false},"excerpt":{"rendered":"<p>Jean-Martin Roy \u2013 Vice-Pr\u00e9sident, Ventes et marketing Sa passion pour le golf lui a appris \u00e0 surmonter les obstacles \u2013 et au golf, ils sont nombreux! \u2013 et \u00e0 ne jamais baisser les bras. Cette philosophie lui sert bien dans son r\u00f4le de vice-pr\u00e9sident, Ventes et marketing. En effet, sa mission consiste \u00e0 d\u00e9velopper et&#8230;<\/p>\n","protected":false},"author":1,"featured_media":0,"parent":0,"menu_order":32,"comment_status":"closed","ping_status":"closed","template":"","meta":{"_acf_changed":false,"_bbp_topic_count":0,"_bbp_reply_count":0,"_bbp_total_topic_count":0,"_bbp_total_reply_count":0,"_bbp_voice_count":0,"_bbp_anonymous_reply_count":0,"_bbp_topic_count_hidden":0,"_bbp_reply_count_hidden":0,"_bbp_forum_subforum_count":0,"footnotes":""},"class_list":["post-20183","page","type-page","status-publish","hentry"],"acf":[],"yoast_head":"<!-- This site is optimized with the Yoast SEO plugin v26.2 - https:\/\/yoast.com\/wordpress\/plugins\/seo\/ -->\n<title>Jean-Martin Roy | Moderco<\/title>\n<meta name=\"robots\" content=\"index, follow, max-snippet:-1, max-image-preview:large, max-video-preview:-1\" \/>\n<link rel=\"canonical\" href=\"https:\/\/www.moderco.com\/fr\/jean-martin-roy\/\" \/>\n<meta property=\"og:locale\" content=\"fr_FR\" \/>\n<meta property=\"og:type\" content=\"article\" \/>\n<meta property=\"og:title\" content=\"Jean-Martin Roy | Moderco\" \/>\n<meta property=\"og:description\" content=\"Jean-Martin Roy \u2013 Vice-Pr\u00e9sident, Ventes et marketing Sa passion pour le golf lui a appris \u00e0 surmonter les obstacles \u2013 et au golf, ils sont nombreux! \u2013 et \u00e0 ne jamais baisser les bras. Cette philosophie lui sert bien dans son r\u00f4le de vice-pr\u00e9sident, Ventes et marketing. En effet, sa mission consiste \u00e0 d\u00e9velopper et...\" \/>\n<meta property=\"og:url\" content=\"https:\/\/www.moderco.com\/fr\/jean-martin-roy\/\" \/>\n<meta property=\"og:site_name\" content=\"Moderco\" \/>\n<meta property=\"article:modified_time\" content=\"2021-11-10T20:26:08+00:00\" \/>\n<meta property=\"og:image\" content=\"https:\/\/www.moderco.com\/wp-content\/uploads\/2020\/09\/Jean-Martin-Roy-24-08-2020.jpg\" \/>\n<meta name=\"twitter:label1\" content=\"Dur\u00e9e de lecture estim\u00e9e\" \/>\n\t<meta name=\"twitter:data1\" content=\"1 minute\" \/>\n<script type=\"application\/ld+json\" class=\"yoast-schema-graph\">{\"@context\":\"https:\/\/schema.org\",\"@graph\":[{\"@type\":\"WebPage\",\"@id\":\"https:\/\/www.moderco.com\/fr\/jean-martin-roy\/\",\"url\":\"https:\/\/www.moderco.com\/fr\/jean-martin-roy\/\",\"name\":\"Jean-Martin Roy | Moderco\",\"isPartOf\":{\"@id\":\"https:\/\/www.moderco.com\/#website\"},\"primaryImageOfPage\":{\"@id\":\"https:\/\/www.moderco.com\/fr\/jean-martin-roy\/#primaryimage\"},\"image\":{\"@id\":\"https:\/\/www.moderco.com\/fr\/jean-martin-roy\/#primaryimage\"},\"thumbnailUrl\":\"https:\/\/www.moderco.com\/wp-content\/uploads\/2020\/09\/Jean-Martin-Roy-24-08-2020.jpg\",\"datePublished\":\"2020-09-14T13:25:28+00:00\",\"dateModified\":\"2021-11-10T20:26:08+00:00\",\"breadcrumb\":{\"@id\":\"https:\/\/www.moderco.com\/fr\/jean-martin-roy\/#breadcrumb\"},\"inLanguage\":\"fr-FR\",\"potentialAction\":[{\"@type\":\"ReadAction\",\"target\":[\"https:\/\/www.moderco.com\/fr\/jean-martin-roy\/\"]}]},{\"@type\":\"ImageObject\",\"inLanguage\":\"fr-FR\",\"@id\":\"https:\/\/www.moderco.com\/fr\/jean-martin-roy\/#primaryimage\",\"url\":\"https:\/\/www.moderco.com\/wp-content\/uploads\/2020\/09\/Jean-Martin-Roy-24-08-2020.jpg\",\"contentUrl\":\"https:\/\/www.moderco.com\/wp-content\/uploads\/2020\/09\/Jean-Martin-Roy-24-08-2020.jpg\"},{\"@type\":\"BreadcrumbList\",\"@id\":\"https:\/\/www.moderco.com\/fr\/jean-martin-roy\/#breadcrumb\",\"itemListElement\":[{\"@type\":\"ListItem\",\"position\":1,\"name\":\"Home\",\"item\":\"https:\/\/www.moderco.com\/fr\/\"},{\"@type\":\"ListItem\",\"position\":2,\"name\":\"Jean-Martin Roy\"}]},{\"@type\":\"WebSite\",\"@id\":\"https:\/\/www.moderco.com\/#website\",\"url\":\"https:\/\/www.moderco.com\/\",\"name\":\"Moderco\",\"description\":\"Un site utilisant WordPress\",\"publisher\":{\"@id\":\"https:\/\/www.moderco.com\/#organization\"},\"potentialAction\":[{\"@type\":\"SearchAction\",\"target\":{\"@type\":\"EntryPoint\",\"urlTemplate\":\"https:\/\/www.moderco.com\/?s={search_term_string}\"},\"query-input\":{\"@type\":\"PropertyValueSpecification\",\"valueRequired\":true,\"valueName\":\"search_term_string\"}}],\"inLanguage\":\"fr-FR\"},{\"@type\":\"Organization\",\"@id\":\"https:\/\/www.moderco.com\/#organization\",\"name\":\"Moderco\",\"url\":\"https:\/\/www.moderco.com\/\",\"logo\":{\"@type\":\"ImageObject\",\"inLanguage\":\"fr-FR\",\"@id\":\"https:\/\/www.moderco.com\/#\/schema\/logo\/image\/\",\"url\":\"https:\/\/www.moderco.com\/wp-content\/uploads\/2026\/02\/moderco-site-logo.webp\",\"contentUrl\":\"https:\/\/www.moderco.com\/wp-content\/uploads\/2026\/02\/moderco-site-logo.webp\",\"width\":700,\"height\":700,\"caption\":\"Moderco\"},\"image\":{\"@id\":\"https:\/\/www.moderco.com\/#\/schema\/logo\/image\/\"}}]}<\/script>\n<!-- \/ Yoast SEO plugin. -->","yoast_head_json":{"title":"Jean-Martin Roy | Moderco","robots":{"index":"index","follow":"follow","max-snippet":"max-snippet:-1","max-image-preview":"max-image-preview:large","max-video-preview":"max-video-preview:-1"},"canonical":"https:\/\/www.moderco.com\/fr\/jean-martin-roy\/","og_locale":"fr_FR","og_type":"article","og_title":"Jean-Martin Roy | Moderco","og_description":"Jean-Martin Roy \u2013 Vice-Pr\u00e9sident, Ventes et marketing Sa passion pour le golf lui a appris \u00e0 surmonter les obstacles \u2013 et au golf, ils sont nombreux! \u2013 et \u00e0 ne jamais baisser les bras. Cette philosophie lui sert bien dans son r\u00f4le de vice-pr\u00e9sident, Ventes et marketing. En effet, sa mission consiste \u00e0 d\u00e9velopper et...","og_url":"https:\/\/www.moderco.com\/fr\/jean-martin-roy\/","og_site_name":"Moderco","article_modified_time":"2021-11-10T20:26:08+00:00","og_image":[{"url":"https:\/\/www.moderco.com\/wp-content\/uploads\/2020\/09\/Jean-Martin-Roy-24-08-2020.jpg","type":"","width":"","height":""}],"twitter_misc":{"Dur\u00e9e de lecture estim\u00e9e":"1 minute"},"schema":{"@context":"https:\/\/schema.org","@graph":[{"@type":"WebPage","@id":"https:\/\/www.moderco.com\/fr\/jean-martin-roy\/","url":"https:\/\/www.moderco.com\/fr\/jean-martin-roy\/","name":"Jean-Martin Roy | Moderco","isPartOf":{"@id":"https:\/\/www.moderco.com\/#website"},"primaryImageOfPage":{"@id":"https:\/\/www.moderco.com\/fr\/jean-martin-roy\/#primaryimage"},"image":{"@id":"https:\/\/www.moderco.com\/fr\/jean-martin-roy\/#primaryimage"},"thumbnailUrl":"https:\/\/www.moderco.com\/wp-content\/uploads\/2020\/09\/Jean-Martin-Roy-24-08-2020.jpg","datePublished":"2020-09-14T13:25:28+00:00","dateModified":"2021-11-10T20:26:08+00:00","breadcrumb":{"@id":"https:\/\/www.moderco.com\/fr\/jean-martin-roy\/#breadcrumb"},"inLanguage":"fr-FR","potentialAction":[{"@type":"ReadAction","target":["https:\/\/www.moderco.com\/fr\/jean-martin-roy\/"]}]},{"@type":"ImageObject","inLanguage":"fr-FR","@id":"https:\/\/www.moderco.com\/fr\/jean-martin-roy\/#primaryimage","url":"https:\/\/www.moderco.com\/wp-content\/uploads\/2020\/09\/Jean-Martin-Roy-24-08-2020.jpg","contentUrl":"https:\/\/www.moderco.com\/wp-content\/uploads\/2020\/09\/Jean-Martin-Roy-24-08-2020.jpg"},{"@type":"BreadcrumbList","@id":"https:\/\/www.moderco.com\/fr\/jean-martin-roy\/#breadcrumb","itemListElement":[{"@type":"ListItem","position":1,"name":"Home","item":"https:\/\/www.moderco.com\/fr\/"},{"@type":"ListItem","position":2,"name":"Jean-Martin Roy"}]},{"@type":"WebSite","@id":"https:\/\/www.moderco.com\/#website","url":"https:\/\/www.moderco.com\/","name":"Moderco","description":"Un site utilisant WordPress","publisher":{"@id":"https:\/\/www.moderco.com\/#organization"},"potentialAction":[{"@type":"SearchAction","target":{"@type":"EntryPoint","urlTemplate":"https:\/\/www.moderco.com\/?s={search_term_string}"},"query-input":{"@type":"PropertyValueSpecification","valueRequired":true,"valueName":"search_term_string"}}],"inLanguage":"fr-FR"},{"@type":"Organization","@id":"https:\/\/www.moderco.com\/#organization","name":"Moderco","url":"https:\/\/www.moderco.com\/","logo":{"@type":"ImageObject","inLanguage":"fr-FR","@id":"https:\/\/www.moderco.com\/#\/schema\/logo\/image\/","url":"https:\/\/www.moderco.com\/wp-content\/uploads\/2026\/02\/moderco-site-logo.webp","contentUrl":"https:\/\/www.moderco.com\/wp-content\/uploads\/2026\/02\/moderco-site-logo.webp","width":700,"height":700,"caption":"Moderco"},"image":{"@id":"https:\/\/www.moderco.com\/#\/schema\/logo\/image\/"}}]}},"_links":{"self":[{"href":"https:\/\/www.moderco.com\/fr\/wp-json\/wp\/v2\/pages\/20183","targetHints":{"allow":["GET"]}}],"collection":[{"href":"https:\/\/www.moderco.com\/fr\/wp-json\/wp\/v2\/pages"}],"about":[{"href":"https:\/\/www.moderco.com\/fr\/wp-json\/wp\/v2\/types\/page"}],"author":[{"embeddable":true,"href":"https:\/\/www.moderco.com\/fr\/wp-json\/wp\/v2\/users\/1"}],"replies":[{"embeddable":true,"href":"https:\/\/www.moderco.com\/fr\/wp-json\/wp\/v2\/comments?post=20183"}],"version-history":[{"count":8,"href":"https:\/\/www.moderco.com\/fr\/wp-json\/wp\/v2\/pages\/20183\/revisions"}],"predecessor-version":[{"id":22579,"href":"https:\/\/www.moderco.com\/fr\/wp-json\/wp\/v2\/pages\/20183\/revisions\/22579"}],"wp:attachment":[{"href":"https:\/\/www.moderco.com\/fr\/wp-json\/wp\/v2\/media?parent=20183"}],"curies":[{"name":"wp","href":"https:\/\/api.w.org\/{rel}","templated":true}]}}