{"id":20193,"date":"2020-09-14T13:32:23","date_gmt":"2020-09-14T13:32:23","guid":{"rendered":"https:\/\/www.moderco.com\/michel-prevost-ptech-technical-director\/"},"modified":"2022-09-02T14:41:38","modified_gmt":"2022-09-02T14:41:38","slug":"michel-prevost-ptech-technical-director","status":"publish","type":"page","link":"https:\/\/www.moderco.com\/fr\/michel-prevost-ptech-technical-director\/","title":{"rendered":"Michel Pr\u00e9vost"},"content":{"rendered":"\n\n\t\t\t\t<img loading=\"lazy\" decoding=\"async\" src=\"https:\/\/www.moderco.com\/wp-content\/uploads\/2020\/09\/Michel-Prevost-24-08-2020.jpg\" alt=\"Michel-Prevost-24-08-2020\" itemprop=\"image\" height=\"700\" width=\"700\" title=\"Michel-Prevost-24-08-2020\" onerror=\"this.style.display='none'\"  \/>\n<h3>\n\t\tMichel Pr\u00e9vost, T.P. <br \/>Directeur technique\n\t<\/h3>\n\t<p>D&rsquo;un naturel curieux, Michel se passionne pour la technologie sous toutes ses formes. Plus il touche \u00e0 des domaines vari\u00e9s, plus il est heureux. Et chez Moderco, il peut laisser libre cours \u00e0 sa cr\u00e9ativit\u00e9. Ses connaissances nombreuses et vari\u00e9es lui permettent de bien comprendre les particularit\u00e9s des trois services dont il a la responsabilit\u00e9 et de bien les guider : le Bureau de m\u00e9thodes, la Maintenance et l&rsquo;Informatique. Lorsqu&rsquo;un d\u00e9fi exceptionnel se pr\u00e9sente, Michel sait le relever avec aplomb et brio. \u00c0 titre d&rsquo;exemple, apr\u00e8s avoir r\u00e9alis\u00e9 le design des visi\u00e8res de protection contre la COVID-19 destin\u00e9es aux employ\u00e9s, il les a imprim\u00e9es en 3D chez lui avec l&rsquo;aide des membres de son \u00e9quipe. Pour Michel, son travail et le travail d&rsquo;\u00e9quipe sont une v\u00e9ritable passion.<\/p>\n\n","protected":false},"excerpt":{"rendered":"<p>Michel Pr\u00e9vost, T.P. Directeur technique D&rsquo;un naturel curieux, Michel se passionne pour la technologie sous toutes ses formes. Plus il touche \u00e0 des domaines vari\u00e9s, plus il est heureux. Et chez Moderco, il peut laisser libre cours \u00e0 sa cr\u00e9ativit\u00e9. Ses connaissances nombreuses et vari\u00e9es lui permettent de bien comprendre les particularit\u00e9s des trois services&#8230;<\/p>\n","protected":false},"author":1,"featured_media":0,"parent":0,"menu_order":37,"comment_status":"closed","ping_status":"closed","template":"","meta":{"_acf_changed":false,"_bbp_topic_count":0,"_bbp_reply_count":0,"_bbp_total_topic_count":0,"_bbp_total_reply_count":0,"_bbp_voice_count":0,"_bbp_anonymous_reply_count":0,"_bbp_topic_count_hidden":0,"_bbp_reply_count_hidden":0,"_bbp_forum_subforum_count":0,"footnotes":""},"class_list":["post-20193","page","type-page","status-publish","hentry"],"acf":[],"yoast_head":"<!-- This site is optimized with the Yoast SEO plugin v26.2 - https:\/\/yoast.com\/wordpress\/plugins\/seo\/ -->\n<title>Michel Pr\u00e9vost | Moderco<\/title>\n<meta name=\"robots\" content=\"index, follow, max-snippet:-1, max-image-preview:large, max-video-preview:-1\" \/>\n<link rel=\"canonical\" href=\"https:\/\/www.moderco.com\/fr\/michel-prevost-ptech-technical-director\/\" \/>\n<meta property=\"og:locale\" content=\"fr_FR\" \/>\n<meta property=\"og:type\" content=\"article\" \/>\n<meta property=\"og:title\" content=\"Michel Pr\u00e9vost | Moderco\" \/>\n<meta property=\"og:description\" content=\"Michel Pr\u00e9vost, T.P. Directeur technique D&rsquo;un naturel curieux, Michel se passionne pour la technologie sous toutes ses formes. Plus il touche \u00e0 des domaines vari\u00e9s, plus il est heureux. Et chez Moderco, il peut laisser libre cours \u00e0 sa cr\u00e9ativit\u00e9. Ses connaissances nombreuses et vari\u00e9es lui permettent de bien comprendre les particularit\u00e9s des trois services...\" \/>\n<meta property=\"og:url\" content=\"https:\/\/www.moderco.com\/fr\/michel-prevost-ptech-technical-director\/\" \/>\n<meta property=\"og:site_name\" content=\"Moderco\" \/>\n<meta property=\"article:modified_time\" content=\"2022-09-02T14:41:38+00:00\" \/>\n<meta property=\"og:image\" content=\"https:\/\/www.moderco.com\/wp-content\/uploads\/2020\/09\/Michel-Prevost-24-08-2020.jpg\" \/>\n<meta name=\"twitter:label1\" content=\"Dur\u00e9e de lecture estim\u00e9e\" \/>\n\t<meta name=\"twitter:data1\" content=\"1 minute\" \/>\n<script type=\"application\/ld+json\" class=\"yoast-schema-graph\">{\"@context\":\"https:\/\/schema.org\",\"@graph\":[{\"@type\":\"WebPage\",\"@id\":\"https:\/\/www.moderco.com\/fr\/michel-prevost-ptech-technical-director\/\",\"url\":\"https:\/\/www.moderco.com\/fr\/michel-prevost-ptech-technical-director\/\",\"name\":\"Michel Pr\u00e9vost | Moderco\",\"isPartOf\":{\"@id\":\"https:\/\/www.moderco.com\/#website\"},\"primaryImageOfPage\":{\"@id\":\"https:\/\/www.moderco.com\/fr\/michel-prevost-ptech-technical-director\/#primaryimage\"},\"image\":{\"@id\":\"https:\/\/www.moderco.com\/fr\/michel-prevost-ptech-technical-director\/#primaryimage\"},\"thumbnailUrl\":\"https:\/\/www.moderco.com\/wp-content\/uploads\/2020\/09\/Michel-Prevost-24-08-2020.jpg\",\"datePublished\":\"2020-09-14T13:32:23+00:00\",\"dateModified\":\"2022-09-02T14:41:38+00:00\",\"breadcrumb\":{\"@id\":\"https:\/\/www.moderco.com\/fr\/michel-prevost-ptech-technical-director\/#breadcrumb\"},\"inLanguage\":\"fr-FR\",\"potentialAction\":[{\"@type\":\"ReadAction\",\"target\":[\"https:\/\/www.moderco.com\/fr\/michel-prevost-ptech-technical-director\/\"]}]},{\"@type\":\"ImageObject\",\"inLanguage\":\"fr-FR\",\"@id\":\"https:\/\/www.moderco.com\/fr\/michel-prevost-ptech-technical-director\/#primaryimage\",\"url\":\"https:\/\/www.moderco.com\/wp-content\/uploads\/2020\/09\/Michel-Prevost-24-08-2020.jpg\",\"contentUrl\":\"https:\/\/www.moderco.com\/wp-content\/uploads\/2020\/09\/Michel-Prevost-24-08-2020.jpg\"},{\"@type\":\"BreadcrumbList\",\"@id\":\"https:\/\/www.moderco.com\/fr\/michel-prevost-ptech-technical-director\/#breadcrumb\",\"itemListElement\":[{\"@type\":\"ListItem\",\"position\":1,\"name\":\"Home\",\"item\":\"https:\/\/www.moderco.com\/fr\/\"},{\"@type\":\"ListItem\",\"position\":2,\"name\":\"Michel Pr\u00e9vost\"}]},{\"@type\":\"WebSite\",\"@id\":\"https:\/\/www.moderco.com\/#website\",\"url\":\"https:\/\/www.moderco.com\/\",\"name\":\"Moderco\",\"description\":\"Un site utilisant WordPress\",\"publisher\":{\"@id\":\"https:\/\/www.moderco.com\/#organization\"},\"potentialAction\":[{\"@type\":\"SearchAction\",\"target\":{\"@type\":\"EntryPoint\",\"urlTemplate\":\"https:\/\/www.moderco.com\/?s={search_term_string}\"},\"query-input\":{\"@type\":\"PropertyValueSpecification\",\"valueRequired\":true,\"valueName\":\"search_term_string\"}}],\"inLanguage\":\"fr-FR\"},{\"@type\":\"Organization\",\"@id\":\"https:\/\/www.moderco.com\/#organization\",\"name\":\"Moderco\",\"url\":\"https:\/\/www.moderco.com\/\",\"logo\":{\"@type\":\"ImageObject\",\"inLanguage\":\"fr-FR\",\"@id\":\"https:\/\/www.moderco.com\/#\/schema\/logo\/image\/\",\"url\":\"https:\/\/www.moderco.com\/wp-content\/uploads\/2026\/02\/moderco-site-logo.webp\",\"contentUrl\":\"https:\/\/www.moderco.com\/wp-content\/uploads\/2026\/02\/moderco-site-logo.webp\",\"width\":700,\"height\":700,\"caption\":\"Moderco\"},\"image\":{\"@id\":\"https:\/\/www.moderco.com\/#\/schema\/logo\/image\/\"}}]}<\/script>\n<!-- \/ Yoast SEO plugin. -->","yoast_head_json":{"title":"Michel Pr\u00e9vost | Moderco","robots":{"index":"index","follow":"follow","max-snippet":"max-snippet:-1","max-image-preview":"max-image-preview:large","max-video-preview":"max-video-preview:-1"},"canonical":"https:\/\/www.moderco.com\/fr\/michel-prevost-ptech-technical-director\/","og_locale":"fr_FR","og_type":"article","og_title":"Michel Pr\u00e9vost | Moderco","og_description":"Michel Pr\u00e9vost, T.P. Directeur technique D&rsquo;un naturel curieux, Michel se passionne pour la technologie sous toutes ses formes. Plus il touche \u00e0 des domaines vari\u00e9s, plus il est heureux. Et chez Moderco, il peut laisser libre cours \u00e0 sa cr\u00e9ativit\u00e9. Ses connaissances nombreuses et vari\u00e9es lui permettent de bien comprendre les particularit\u00e9s des trois services...","og_url":"https:\/\/www.moderco.com\/fr\/michel-prevost-ptech-technical-director\/","og_site_name":"Moderco","article_modified_time":"2022-09-02T14:41:38+00:00","og_image":[{"url":"https:\/\/www.moderco.com\/wp-content\/uploads\/2020\/09\/Michel-Prevost-24-08-2020.jpg","type":"","width":"","height":""}],"twitter_misc":{"Dur\u00e9e de lecture estim\u00e9e":"1 minute"},"schema":{"@context":"https:\/\/schema.org","@graph":[{"@type":"WebPage","@id":"https:\/\/www.moderco.com\/fr\/michel-prevost-ptech-technical-director\/","url":"https:\/\/www.moderco.com\/fr\/michel-prevost-ptech-technical-director\/","name":"Michel Pr\u00e9vost | Moderco","isPartOf":{"@id":"https:\/\/www.moderco.com\/#website"},"primaryImageOfPage":{"@id":"https:\/\/www.moderco.com\/fr\/michel-prevost-ptech-technical-director\/#primaryimage"},"image":{"@id":"https:\/\/www.moderco.com\/fr\/michel-prevost-ptech-technical-director\/#primaryimage"},"thumbnailUrl":"https:\/\/www.moderco.com\/wp-content\/uploads\/2020\/09\/Michel-Prevost-24-08-2020.jpg","datePublished":"2020-09-14T13:32:23+00:00","dateModified":"2022-09-02T14:41:38+00:00","breadcrumb":{"@id":"https:\/\/www.moderco.com\/fr\/michel-prevost-ptech-technical-director\/#breadcrumb"},"inLanguage":"fr-FR","potentialAction":[{"@type":"ReadAction","target":["https:\/\/www.moderco.com\/fr\/michel-prevost-ptech-technical-director\/"]}]},{"@type":"ImageObject","inLanguage":"fr-FR","@id":"https:\/\/www.moderco.com\/fr\/michel-prevost-ptech-technical-director\/#primaryimage","url":"https:\/\/www.moderco.com\/wp-content\/uploads\/2020\/09\/Michel-Prevost-24-08-2020.jpg","contentUrl":"https:\/\/www.moderco.com\/wp-content\/uploads\/2020\/09\/Michel-Prevost-24-08-2020.jpg"},{"@type":"BreadcrumbList","@id":"https:\/\/www.moderco.com\/fr\/michel-prevost-ptech-technical-director\/#breadcrumb","itemListElement":[{"@type":"ListItem","position":1,"name":"Home","item":"https:\/\/www.moderco.com\/fr\/"},{"@type":"ListItem","position":2,"name":"Michel Pr\u00e9vost"}]},{"@type":"WebSite","@id":"https:\/\/www.moderco.com\/#website","url":"https:\/\/www.moderco.com\/","name":"Moderco","description":"Un site utilisant WordPress","publisher":{"@id":"https:\/\/www.moderco.com\/#organization"},"potentialAction":[{"@type":"SearchAction","target":{"@type":"EntryPoint","urlTemplate":"https:\/\/www.moderco.com\/?s={search_term_string}"},"query-input":{"@type":"PropertyValueSpecification","valueRequired":true,"valueName":"search_term_string"}}],"inLanguage":"fr-FR"},{"@type":"Organization","@id":"https:\/\/www.moderco.com\/#organization","name":"Moderco","url":"https:\/\/www.moderco.com\/","logo":{"@type":"ImageObject","inLanguage":"fr-FR","@id":"https:\/\/www.moderco.com\/#\/schema\/logo\/image\/","url":"https:\/\/www.moderco.com\/wp-content\/uploads\/2026\/02\/moderco-site-logo.webp","contentUrl":"https:\/\/www.moderco.com\/wp-content\/uploads\/2026\/02\/moderco-site-logo.webp","width":700,"height":700,"caption":"Moderco"},"image":{"@id":"https:\/\/www.moderco.com\/#\/schema\/logo\/image\/"}}]}},"_links":{"self":[{"href":"https:\/\/www.moderco.com\/fr\/wp-json\/wp\/v2\/pages\/20193","targetHints":{"allow":["GET"]}}],"collection":[{"href":"https:\/\/www.moderco.com\/fr\/wp-json\/wp\/v2\/pages"}],"about":[{"href":"https:\/\/www.moderco.com\/fr\/wp-json\/wp\/v2\/types\/page"}],"author":[{"embeddable":true,"href":"https:\/\/www.moderco.com\/fr\/wp-json\/wp\/v2\/users\/1"}],"replies":[{"embeddable":true,"href":"https:\/\/www.moderco.com\/fr\/wp-json\/wp\/v2\/comments?post=20193"}],"version-history":[{"count":8,"href":"https:\/\/www.moderco.com\/fr\/wp-json\/wp\/v2\/pages\/20193\/revisions"}],"predecessor-version":[{"id":29887,"href":"https:\/\/www.moderco.com\/fr\/wp-json\/wp\/v2\/pages\/20193\/revisions\/29887"}],"wp:attachment":[{"href":"https:\/\/www.moderco.com\/fr\/wp-json\/wp\/v2\/media?parent=20193"}],"curies":[{"name":"wp","href":"https:\/\/api.w.org\/{rel}","templated":true}]}}