{"id":4852,"date":"2015-07-02T17:24:39","date_gmt":"2015-07-02T17:24:39","guid":{"rendered":"https:\/\/www.moderco.com\/wall-of-fame\/"},"modified":"2026-02-19T16:37:11","modified_gmt":"2026-02-19T16:37:11","slug":"wall-of-fame","status":"publish","type":"page","link":"https:\/\/www.moderco.com\/fr\/wall-of-fame\/","title":{"rendered":"Mur des c\u00e9l\u00e9brit\u00e9s"},"content":{"rendered":"\n\n\t<h1>Mur des C\u00e9l\u00e9brit\u00e9s<\/h1>\n\t\t\t\t<img decoding=\"async\" src=\"https:\/\/www.moderco.com\/wp-content\/uploads\/2018\/08\/Michel.jpg\" alt=\"Michel\" itemprop=\"image\" height=\"320\" width=\"320\" title=\"Michel\" onerror=\"this.style.display='none'\" loading=\"lazy\" \/>\n\t<h3>Michel Julien<\/h3>\n<p><em><strong>Pr\u00e9sident et Fondateur<\/strong><\/em><\/p>\n<p>Michel Julien\u00a0a fait l&rsquo;acquisition de Moderco en 1985 et il a su d\u00e9velopper et faire grandir cette soci\u00e9t\u00e9 R\u00e9gionale en une soci\u00e9t\u00e9 Internationale. Toujours tr\u00e8s actif en tant que pr\u00e9sident, il est la raison principale du succ\u00e8s qu&rsquo;a connu Moderco \u00e0 ce jour. Il a d\u00e9but\u00e9 Moderco avec seulement un grand r\u00eave et en tant que manufacturier local de murs mobiles. Gr\u00e2ce \u00e0 sa vision, son leadership, sa supervision et surtout sa pers\u00e9v\u00e9rance, Moderco est maintenant une entreprise repr\u00e9sent\u00e9e \u00e0 l&rsquo;\u00e9chelle internationale et tr\u00e8s respect\u00e9e. Tr\u00e8s actif dans ses associations communautaires et ses associations d&rsquo;affaires, Michel est reconnu comme \u00e9tant une \u00ab personne pr\u00e8s des gens\u00bb, toujours optimiste et d\u00e9sireux d&rsquo;aider. Sa plus grande qualit\u00e9 est sa loyaut\u00e9 envers ses associ\u00e9s de Moderco: jamais le pr\u00e9sident &#8211; toujours l&rsquo;ami et le coll\u00e8gue. Sinc\u00e8res f\u00e9licitations et notre souhait \u00e0 tous est de l&rsquo;avoir encore parmi nous comme pr\u00e9sident de nombreuses ann\u00e9es.<\/p>\n\t\t\t\t<img decoding=\"async\" src=\"https:\/\/www.moderco.com\/wp-content\/uploads\/2018\/08\/dave.jpg\" alt=\"dave\" itemprop=\"image\" height=\"320\" width=\"320\" title=\"dave\" onerror=\"this.style.display='none'\" loading=\"lazy\" \/>\n\t<h3>Dave Parsons<\/h3>\n<p><em><strong>Directeur r\u00e9gional des ventes<\/strong><\/em><\/p>\n<p>Dave Parsons\u00a0a consacr\u00e9 plus de 40 ann\u00e9es de sa vie \u00e0 l&rsquo;Industrie de Murs Mobiles et Moderco a eu le privil\u00e8ge de l&rsquo;avoir \u00e0 son bord pendant 14 de ces ann\u00e9es. Engag\u00e9 officiellement en 1996 comme directeur r\u00e9gional des ventes, il est la raison principale de la grande r\u00e9putation dont jouit Moderco aux \u00c9tats-Unis. Merci \u00e0 Dave, Moderco peut d\u00e9sormais b\u00e9n\u00e9ficier d&rsquo;une r\u00e9putation tr\u00e8s appr\u00e9ci\u00e9e dans notre industrie et est \u00e9galement respect\u00e9e par ses pairs. Pour nous chez Moderco, Dave Parsons restera toujours une grande source d&rsquo;inspiration et de r\u00e9f\u00e9rence pour la strat\u00e9gie de vente, les tendances du march\u00e9 et la connaissance de notre industrie. Nous proclamons Dave Parsons, le mentor des mentors et c&rsquo;est avec une grande fiert\u00e9 que Moderco fait l&rsquo;intronisation de M. Dave Parsons, ce pionnier de notre industrie, \u00e0 notre nouveau \u00ab Temple de la Renomm\u00e9e \u00bb.<\/p>\n\t\t\t\t<img decoding=\"async\" src=\"https:\/\/www.moderco.com\/wp-content\/uploads\/2019\/01\/IMG_0472.jpg\" alt=\"IMG_0472\" itemprop=\"image\" height=\"609\" width=\"640\" title=\"IMG_0472\" onerror=\"this.style.display='none'\" loading=\"lazy\" \/>\n\t<h3>Bill Fuhr<\/h3>\n<p><em><strong>Distributeur et partenaire<\/strong><\/em><\/p>\n<p>V\u00e9ritable \u00ab G\u00e9ant du Texas \u00bb dans l&rsquo;industrie des cloisons mobiles, Bill Fuhr, le distributeur\/partenaire de Moderco \u00e0 Dallas\/Fort Worth, a choisi de laisser derri\u00e8re lui les d\u00e9fis quotidiens de notre industrie et d&rsquo;amorcer un processus de retraite. Bill n&rsquo;h\u00e9site pas \u00e0 sp\u00e9cifier qu&rsquo;il restera pour aider le nouveau distributeur\/partenaire de Moderco, Chatham Worth, aussi longtemps qu&rsquo;il le faudra pour effectuer une transition en douceur et former leur personnel. La carri\u00e8re de Bill dans la vente architecturale est longue et \u00e9tendue. \u00a0Apr\u00e8s avoir obtenu son dipl\u00f4me de l&rsquo;Universit\u00e9 du Nord du Texas, son deuxi\u00e8me emploi \u00e9tait la vente de syst\u00e8mes de rev\u00eatements de sol utilis\u00e9s dans les gymnases scolaires et sur les pistes de course. Mais plus important encore, l&rsquo;entreprise pour laquelle il travaillait \u00e9tait aussi un distributeur Modernfold. Bill en raison de ses excellentes r\u00e9alisations de ventes de rev\u00eatements de sol a \u00e9t\u00e9 rapidement demand\u00e9 de relever un d\u00e9fi encore plus grand et de d\u00e9velopper la partie Cloisons Mobiles de l&rsquo;entreprise. Un v\u00e9ritable partenariat a \u00e9t\u00e9 form\u00e9, comme il a imm\u00e9diatement d\u00e9velopp\u00e9 non seulement les comp\u00e9tences mais aussi un v\u00e9ritable penchant pour le produit\u00a0: les cloisons mobiles, c&rsquo;\u00e9tait inn\u00e9 chez Bill. Il a ensuite \u00e9t\u00e9 promu pr\u00e9sident de la division des cloisons mobiles, division qu&rsquo;il a, par la suite, fait progresser et il a ainsi obtenu la plus grande r\u00e9ussite dans son domaine pour tout le nord du Texas. En 2000, Bill s&rsquo;est aventur\u00e9 seul, il a cr\u00e9\u00e9 Fuhr Inc. et a commenc\u00e9 \u00e0 promouvoir les produits AEC et Holcomb et Hoke (Foldoor). Et puis, en 2005, Bill, pour le plus grand plaisir de chacun d&rsquo;entre nous, a accept\u00e9 de s&rsquo;associer \u00e0 Moderco, entamant ainsi une relation qui s&rsquo;est d\u00e9velopp\u00e9e et a perdur\u00e9e au cours des 14 derni\u00e8res ann\u00e9es. Pour citer Bill\u00a0: \u00ab\u00a0Ce fut une joie de collaborer avec Moderco, et les personnes qui y travaillent sont maintenant mes amis pour toujours et de promouvoir et d&rsquo;installer rien d&rsquo;autre que des produits de la plus haute qualit\u00e9, oui ce fut une joie.\u00a0\u00bb. Bill sera maintenant en mesure de voyager, de passer du temps \u00e0 sa r\u00e9sidence du lac, de collectionner des guitares et de travailler comme consultant seulement quand il choisira de le faire. Chez Moderco, nous souhaitons \u00e0 Bill et Karen beaucoup de bonheur pour leur retraite, nous les remercions de leur amiti\u00e9 et de leur fid\u00e9lit\u00e9 envers Moderco et nous sommes heureux d&rsquo;introniser Bill au \u00ab\u00a0Mur des C\u00e9l\u00e9brit\u00e9s de Moderco\u00a0\u00bb.<\/p>\n\t\t\t\t<img decoding=\"async\" src=\"https:\/\/www.moderco.com\/wp-content\/uploads\/2018\/08\/rob.jpg\" alt=\"rob\" itemprop=\"image\" height=\"320\" width=\"320\" title=\"rob\" onerror=\"this.style.display='none'\" loading=\"lazy\" \/>\n\t<h3>Dave Parsons<\/h3>\n<p><em><strong>Directeur r\u00e9gional des ventes<\/strong><\/em><\/p>\n<p>Dave Parsons\u00a0a consacr\u00e9 plus de 40 ann\u00e9es de sa vie \u00e0 l&rsquo;Industrie de Murs Mobiles et Moderco a eu le privil\u00e8ge de l&rsquo;avoir \u00e0 son bord pendant 14 de ces ann\u00e9es. Engag\u00e9 officiellement en 1996 comme directeur r\u00e9gional des ventes, il est la raison principale de la grande r\u00e9putation dont jouit Moderco aux \u00c9tats-Unis. Merci \u00e0 Dave, Moderco peut d\u00e9sormais b\u00e9n\u00e9ficier d&rsquo;une r\u00e9putation tr\u00e8s appr\u00e9ci\u00e9e dans notre industrie et est \u00e9galement respect\u00e9e par ses pairs. Pour nous chez Moderco, Dave Parsons restera toujours une grande source d&rsquo;inspiration et de r\u00e9f\u00e9rence pour la strat\u00e9gie de vente, les tendances du march\u00e9 et la connaissance de notre industrie. Nous proclamons Dave Parsons, le mentor des mentors et c&rsquo;est avec une grande fiert\u00e9 que Moderco fait l&rsquo;intronisation de M. Dave Parsons, ce pionnier de notre industrie, \u00e0 notre nouveau \u00ab Temple de la Renomm\u00e9e \u00bb.<\/p>\n\t\t\t\t<img decoding=\"async\" src=\"https:\/\/www.moderco.com\/wp-content\/uploads\/2026\/02\/Dan-Carter2.jpg.webp\" alt=\"Dan-Carter2.jpg\" itemprop=\"image\" height=\"320\" width=\"320\" title=\"Dan-Carter2.jpg\" onerror=\"this.style.display='none'\" loading=\"lazy\" \/>\n\t<h3>Bill Fuhr<\/h3>\n<p><em><strong>Distributeur et partenaire<\/strong><\/em><\/p>\n<p>V\u00e9ritable \u00ab G\u00e9ant du Texas \u00bb dans l&rsquo;industrie des cloisons mobiles, Bill Fuhr, le distributeur\/partenaire de Moderco \u00e0 Dallas\/Fort Worth, a choisi de laisser derri\u00e8re lui les d\u00e9fis quotidiens de notre industrie et d&rsquo;amorcer un processus de retraite. Bill n&rsquo;h\u00e9site pas \u00e0 sp\u00e9cifier qu&rsquo;il restera pour aider le nouveau distributeur\/partenaire de Moderco, Chatham Worth, aussi longtemps qu&rsquo;il le faudra pour effectuer une transition en douceur et former leur personnel. La carri\u00e8re de Bill dans la vente architecturale est longue et \u00e9tendue. \u00a0Apr\u00e8s avoir obtenu son dipl\u00f4me de l&rsquo;Universit\u00e9 du Nord du Texas, son deuxi\u00e8me emploi \u00e9tait la vente de syst\u00e8mes de rev\u00eatements de sol utilis\u00e9s dans les gymnases scolaires et sur les pistes de course. Mais plus important encore, l&rsquo;entreprise pour laquelle il travaillait \u00e9tait aussi un distributeur Modernfold. Bill en raison de ses excellentes r\u00e9alisations de ventes de rev\u00eatements de sol a \u00e9t\u00e9 rapidement demand\u00e9 de relever un d\u00e9fi encore plus grand et de d\u00e9velopper la partie Cloisons Mobiles de l&rsquo;entreprise. Un v\u00e9ritable partenariat a \u00e9t\u00e9 form\u00e9, comme il a imm\u00e9diatement d\u00e9velopp\u00e9 non seulement les comp\u00e9tences mais aussi un v\u00e9ritable penchant pour le produit\u00a0: les cloisons mobiles, c&rsquo;\u00e9tait inn\u00e9 chez Bill. Il a ensuite \u00e9t\u00e9 promu pr\u00e9sident de la division des cloisons mobiles, division qu&rsquo;il a, par la suite, fait progresser et il a ainsi obtenu la plus grande r\u00e9ussite dans son domaine pour tout le nord du Texas. En 2000, Bill s&rsquo;est aventur\u00e9 seul, il a cr\u00e9\u00e9 Fuhr Inc. et a commenc\u00e9 \u00e0 promouvoir les produits AEC et Holcomb et Hoke (Foldoor). Et puis, en 2005, Bill, pour le plus grand plaisir de chacun d&rsquo;entre nous, a accept\u00e9 de s&rsquo;associer \u00e0 Moderco, entamant ainsi une relation qui s&rsquo;est d\u00e9velopp\u00e9e et a perdur\u00e9e au cours des 14 derni\u00e8res ann\u00e9es. Pour citer Bill\u00a0: \u00ab\u00a0Ce fut une joie de collaborer avec Moderco, et les personnes qui y travaillent sont maintenant mes amis pour toujours et de promouvoir et d&rsquo;installer rien d&rsquo;autre que des produits de la plus haute qualit\u00e9, oui ce fut une joie.\u00a0\u00bb. Bill sera maintenant en mesure de voyager, de passer du temps \u00e0 sa r\u00e9sidence du lac, de collectionner des guitares et de travailler comme consultant seulement quand il choisira de le faire. Chez Moderco, nous souhaitons \u00e0 Bill et Karen beaucoup de bonheur pour leur retraite, nous les remercions de leur amiti\u00e9 et de leur fid\u00e9lit\u00e9 envers Moderco et nous sommes heureux d&rsquo;introniser Bill au \u00ab\u00a0Mur des C\u00e9l\u00e9brit\u00e9s de Moderco\u00a0\u00bb.<\/p>\n\t\t\t\t<img decoding=\"async\" src=\"https:\/\/www.moderco.com\/wp-content\/uploads\/2026\/02\/barry2.jpeg.webp\" alt=\"barry2.jpeg\" itemprop=\"image\" height=\"320\" width=\"320\" title=\"barry2.jpeg\" onerror=\"this.style.display='none'\" loading=\"lazy\" \/>\n\t<h3>Barry Napier<\/h3>\n<p><em><strong>Directeur des ventes &#8211; \u00c9tats-Unis<\/strong><\/em><\/p>\n<article dir=\"auto\" tabindex=\"-1\" data-turn-id=\"request-699621ce-5b3c-8330-bac5-3a726b3b2d35-21\" data-testid=\"conversation-turn-58\" data-scroll-anchor=\"true\" data-turn=\"assistant\">\nBarry a consacr\u00e9 l&rsquo;ensemble de sa carri\u00e8re \u00e0 l&rsquo;industrie des murs et cloisons mobiles. Il a d\u00e9but\u00e9 tr\u00e8s jeune, alors qu&rsquo;il \u00e9tait encore adolescent en Indiana, en travaillant \u00e0 temps partiel pour Holcomb &amp; Hoke (Foldoor). Apr\u00e8s l&rsquo;obtention de son dipl\u00f4me universitaire, il s&rsquo;est joint \u00e0 Foldoor \u00e0 temps plein, approfondissant ses connaissances du secteur et relevant avec succ\u00e8s tous les d\u00e9fis qui lui \u00e9taient confi\u00e9s. Souhaitant acqu\u00e9rir une exp\u00e9rience du c\u00f4t\u00e9 de la distribution, il a travaill\u00e9 pendant une br\u00e8ve p\u00e9riode pour un distributeur du centre de l&rsquo;Indiana. De 1992 \u00e0 2005, il a occup\u00e9 le poste de directeur des ventes &#8211; \u00c9tats-Unis chez Kwik Wall. En 2005, d\u00e9sireux d&rsquo;\u00e9voluer au sein d&rsquo;une organisation d&rsquo;envergure offrant de nouvelles perspectives, il s&rsquo;est joint \u00e0 Hufcor \u00e0 titre de directeur r\u00e9gional des ventes, gravissant rapidement les \u00e9chelons pour devenir directeur national du d\u00e9veloppement des affaires, puis vice-pr\u00e9sident des ventes des distributeurs pour l&rsquo;Am\u00e9rique du Nord. \u00c0 la suite de la fermeture de Hufcor en 2021, Moderco a eu l&rsquo;honneur et le privil\u00e8ge de l&rsquo;accueillir comme directeur des ventes &#8211; \u00c9tats-Unis, poste qu&rsquo;il a occup\u00e9 jusqu&rsquo;\u00e0 son d\u00e9c\u00e8s en 2024.\n<\/article>\n\n","protected":false},"excerpt":{"rendered":"<p>Mur des C\u00e9l\u00e9brit\u00e9s Michel Julien Pr\u00e9sident et Fondateur Michel Julien\u00a0a fait l&rsquo;acquisition de Moderco en 1985 et il a su d\u00e9velopper et faire grandir cette soci\u00e9t\u00e9 R\u00e9gionale en une soci\u00e9t\u00e9 Internationale. Toujours tr\u00e8s actif en tant que pr\u00e9sident, il est la raison principale du succ\u00e8s qu&rsquo;a connu Moderco \u00e0 ce jour. Il a d\u00e9but\u00e9 Moderco&#8230;<\/p>\n","protected":false},"author":1,"featured_media":0,"parent":0,"menu_order":54,"comment_status":"open","ping_status":"closed","template":"","meta":{"_acf_changed":false,"_bbp_topic_count":0,"_bbp_reply_count":0,"_bbp_total_topic_count":0,"_bbp_total_reply_count":0,"_bbp_voice_count":0,"_bbp_anonymous_reply_count":0,"_bbp_topic_count_hidden":0,"_bbp_reply_count_hidden":0,"_bbp_forum_subforum_count":0,"footnotes":""},"class_list":["post-4852","page","type-page","status-publish","hentry"],"acf":[],"yoast_head":"<!-- This site is optimized with the Yoast SEO plugin v26.2 - https:\/\/yoast.com\/wordpress\/plugins\/seo\/ -->\n<title>Wall of Fame - Michel Julien and Dave Parsons<\/title>\n<meta name=\"description\" content=\"Michel Julien acquired Moderco in 1985 and expanded it from a regional to an international company. Dave Parsons has devoted over 40 years to this industry.\" \/>\n<meta name=\"robots\" content=\"index, follow, max-snippet:-1, max-image-preview:large, max-video-preview:-1\" \/>\n<link rel=\"canonical\" href=\"https:\/\/www.moderco.com\/fr\/wall-of-fame\/\" \/>\n<meta property=\"og:locale\" content=\"fr_FR\" \/>\n<meta property=\"og:type\" content=\"article\" \/>\n<meta property=\"og:title\" content=\"Wall of Fame - Michel Julien and Dave Parsons\" \/>\n<meta property=\"og:description\" content=\"Michel Julien acquired Moderco in 1985 and expanded it from a regional to an international company. Dave Parsons has devoted over 40 years to this industry.\" \/>\n<meta property=\"og:url\" content=\"https:\/\/www.moderco.com\/fr\/wall-of-fame\/\" \/>\n<meta property=\"og:site_name\" content=\"Moderco\" \/>\n<meta property=\"article:modified_time\" content=\"2026-02-19T16:37:11+00:00\" \/>\n<meta property=\"og:image\" content=\"https:\/\/www.moderco.com\/wp-content\/uploads\/2018\/08\/Michel.jpg\" \/>\n<meta name=\"twitter:label1\" content=\"Dur\u00e9e de lecture estim\u00e9e\" \/>\n\t<meta name=\"twitter:data1\" content=\"6 minutes\" \/>\n<script type=\"application\/ld+json\" class=\"yoast-schema-graph\">{\"@context\":\"https:\/\/schema.org\",\"@graph\":[{\"@type\":\"WebPage\",\"@id\":\"https:\/\/www.moderco.com\/fr\/wall-of-fame\/\",\"url\":\"https:\/\/www.moderco.com\/fr\/wall-of-fame\/\",\"name\":\"Wall of Fame - Michel Julien and Dave Parsons\",\"isPartOf\":{\"@id\":\"https:\/\/www.moderco.com\/#website\"},\"primaryImageOfPage\":{\"@id\":\"https:\/\/www.moderco.com\/fr\/wall-of-fame\/#primaryimage\"},\"image\":{\"@id\":\"https:\/\/www.moderco.com\/fr\/wall-of-fame\/#primaryimage\"},\"thumbnailUrl\":\"https:\/\/www.moderco.com\/wp-content\/uploads\/2018\/08\/Michel.jpg\",\"datePublished\":\"2015-07-02T17:24:39+00:00\",\"dateModified\":\"2026-02-19T16:37:11+00:00\",\"description\":\"Michel Julien acquired Moderco in 1985 and expanded it from a regional to an international company. Dave Parsons has devoted over 40 years to this industry.\",\"breadcrumb\":{\"@id\":\"https:\/\/www.moderco.com\/fr\/wall-of-fame\/#breadcrumb\"},\"inLanguage\":\"fr-FR\",\"potentialAction\":[{\"@type\":\"ReadAction\",\"target\":[\"https:\/\/www.moderco.com\/fr\/wall-of-fame\/\"]}]},{\"@type\":\"ImageObject\",\"inLanguage\":\"fr-FR\",\"@id\":\"https:\/\/www.moderco.com\/fr\/wall-of-fame\/#primaryimage\",\"url\":\"https:\/\/www.moderco.com\/wp-content\/uploads\/2018\/08\/Michel.jpg\",\"contentUrl\":\"https:\/\/www.moderco.com\/wp-content\/uploads\/2018\/08\/Michel.jpg\"},{\"@type\":\"BreadcrumbList\",\"@id\":\"https:\/\/www.moderco.com\/fr\/wall-of-fame\/#breadcrumb\",\"itemListElement\":[{\"@type\":\"ListItem\",\"position\":1,\"name\":\"Home\",\"item\":\"https:\/\/www.moderco.com\/fr\/\"},{\"@type\":\"ListItem\",\"position\":2,\"name\":\"Mur des c\u00e9l\u00e9brit\u00e9s\"}]},{\"@type\":\"WebSite\",\"@id\":\"https:\/\/www.moderco.com\/#website\",\"url\":\"https:\/\/www.moderco.com\/\",\"name\":\"Moderco\",\"description\":\"Un site utilisant WordPress\",\"publisher\":{\"@id\":\"https:\/\/www.moderco.com\/#organization\"},\"potentialAction\":[{\"@type\":\"SearchAction\",\"target\":{\"@type\":\"EntryPoint\",\"urlTemplate\":\"https:\/\/www.moderco.com\/?s={search_term_string}\"},\"query-input\":{\"@type\":\"PropertyValueSpecification\",\"valueRequired\":true,\"valueName\":\"search_term_string\"}}],\"inLanguage\":\"fr-FR\"},{\"@type\":\"Organization\",\"@id\":\"https:\/\/www.moderco.com\/#organization\",\"name\":\"Moderco\",\"url\":\"https:\/\/www.moderco.com\/\",\"logo\":{\"@type\":\"ImageObject\",\"inLanguage\":\"fr-FR\",\"@id\":\"https:\/\/www.moderco.com\/#\/schema\/logo\/image\/\",\"url\":\"https:\/\/www.moderco.com\/wp-content\/uploads\/2026\/02\/moderco-site-logo.webp\",\"contentUrl\":\"https:\/\/www.moderco.com\/wp-content\/uploads\/2026\/02\/moderco-site-logo.webp\",\"width\":700,\"height\":700,\"caption\":\"Moderco\"},\"image\":{\"@id\":\"https:\/\/www.moderco.com\/#\/schema\/logo\/image\/\"}}]}<\/script>\n<!-- \/ Yoast SEO plugin. -->","yoast_head_json":{"title":"Wall of Fame - Michel Julien and Dave Parsons","description":"Michel Julien acquired Moderco in 1985 and expanded it from a regional to an international company. Dave Parsons has devoted over 40 years to this industry.","robots":{"index":"index","follow":"follow","max-snippet":"max-snippet:-1","max-image-preview":"max-image-preview:large","max-video-preview":"max-video-preview:-1"},"canonical":"https:\/\/www.moderco.com\/fr\/wall-of-fame\/","og_locale":"fr_FR","og_type":"article","og_title":"Wall of Fame - Michel Julien and Dave Parsons","og_description":"Michel Julien acquired Moderco in 1985 and expanded it from a regional to an international company. Dave Parsons has devoted over 40 years to this industry.","og_url":"https:\/\/www.moderco.com\/fr\/wall-of-fame\/","og_site_name":"Moderco","article_modified_time":"2026-02-19T16:37:11+00:00","og_image":[{"url":"https:\/\/www.moderco.com\/wp-content\/uploads\/2018\/08\/Michel.jpg","type":"","width":"","height":""}],"twitter_misc":{"Dur\u00e9e de lecture estim\u00e9e":"6 minutes"},"schema":{"@context":"https:\/\/schema.org","@graph":[{"@type":"WebPage","@id":"https:\/\/www.moderco.com\/fr\/wall-of-fame\/","url":"https:\/\/www.moderco.com\/fr\/wall-of-fame\/","name":"Wall of Fame - Michel Julien and Dave Parsons","isPartOf":{"@id":"https:\/\/www.moderco.com\/#website"},"primaryImageOfPage":{"@id":"https:\/\/www.moderco.com\/fr\/wall-of-fame\/#primaryimage"},"image":{"@id":"https:\/\/www.moderco.com\/fr\/wall-of-fame\/#primaryimage"},"thumbnailUrl":"https:\/\/www.moderco.com\/wp-content\/uploads\/2018\/08\/Michel.jpg","datePublished":"2015-07-02T17:24:39+00:00","dateModified":"2026-02-19T16:37:11+00:00","description":"Michel Julien acquired Moderco in 1985 and expanded it from a regional to an international company. Dave Parsons has devoted over 40 years to this industry.","breadcrumb":{"@id":"https:\/\/www.moderco.com\/fr\/wall-of-fame\/#breadcrumb"},"inLanguage":"fr-FR","potentialAction":[{"@type":"ReadAction","target":["https:\/\/www.moderco.com\/fr\/wall-of-fame\/"]}]},{"@type":"ImageObject","inLanguage":"fr-FR","@id":"https:\/\/www.moderco.com\/fr\/wall-of-fame\/#primaryimage","url":"https:\/\/www.moderco.com\/wp-content\/uploads\/2018\/08\/Michel.jpg","contentUrl":"https:\/\/www.moderco.com\/wp-content\/uploads\/2018\/08\/Michel.jpg"},{"@type":"BreadcrumbList","@id":"https:\/\/www.moderco.com\/fr\/wall-of-fame\/#breadcrumb","itemListElement":[{"@type":"ListItem","position":1,"name":"Home","item":"https:\/\/www.moderco.com\/fr\/"},{"@type":"ListItem","position":2,"name":"Mur des c\u00e9l\u00e9brit\u00e9s"}]},{"@type":"WebSite","@id":"https:\/\/www.moderco.com\/#website","url":"https:\/\/www.moderco.com\/","name":"Moderco","description":"Un site utilisant WordPress","publisher":{"@id":"https:\/\/www.moderco.com\/#organization"},"potentialAction":[{"@type":"SearchAction","target":{"@type":"EntryPoint","urlTemplate":"https:\/\/www.moderco.com\/?s={search_term_string}"},"query-input":{"@type":"PropertyValueSpecification","valueRequired":true,"valueName":"search_term_string"}}],"inLanguage":"fr-FR"},{"@type":"Organization","@id":"https:\/\/www.moderco.com\/#organization","name":"Moderco","url":"https:\/\/www.moderco.com\/","logo":{"@type":"ImageObject","inLanguage":"fr-FR","@id":"https:\/\/www.moderco.com\/#\/schema\/logo\/image\/","url":"https:\/\/www.moderco.com\/wp-content\/uploads\/2026\/02\/moderco-site-logo.webp","contentUrl":"https:\/\/www.moderco.com\/wp-content\/uploads\/2026\/02\/moderco-site-logo.webp","width":700,"height":700,"caption":"Moderco"},"image":{"@id":"https:\/\/www.moderco.com\/#\/schema\/logo\/image\/"}}]}},"_links":{"self":[{"href":"https:\/\/www.moderco.com\/fr\/wp-json\/wp\/v2\/pages\/4852","targetHints":{"allow":["GET"]}}],"collection":[{"href":"https:\/\/www.moderco.com\/fr\/wp-json\/wp\/v2\/pages"}],"about":[{"href":"https:\/\/www.moderco.com\/fr\/wp-json\/wp\/v2\/types\/page"}],"author":[{"embeddable":true,"href":"https:\/\/www.moderco.com\/fr\/wp-json\/wp\/v2\/users\/1"}],"replies":[{"embeddable":true,"href":"https:\/\/www.moderco.com\/fr\/wp-json\/wp\/v2\/comments?post=4852"}],"version-history":[{"count":6,"href":"https:\/\/www.moderco.com\/fr\/wp-json\/wp\/v2\/pages\/4852\/revisions"}],"predecessor-version":[{"id":44876,"href":"https:\/\/www.moderco.com\/fr\/wp-json\/wp\/v2\/pages\/4852\/revisions\/44876"}],"wp:attachment":[{"href":"https:\/\/www.moderco.com\/fr\/wp-json\/wp\/v2\/media?parent=4852"}],"curies":[{"name":"wp","href":"https:\/\/api.w.org\/{rel}","templated":true}]}}